{"id":733,"date":"2024-08-14T20:35:27","date_gmt":"2024-08-14T20:35:27","guid":{"rendered":"https:\/\/thehubtravel.com\/?page_id=733"},"modified":"2025-01-17T14:24:31","modified_gmt":"2025-01-17T19:24:31","slug":"group-outings","status":"publish","type":"page","link":"https:\/\/thehubtravel.com\/en\/group-outings\/","title":{"rendered":"Grupales"},"content":{"rendered":"<div data-elementor-type=\"wp-page\" data-elementor-id=\"733\" class=\"elementor elementor-733\" data-elementor-post-type=\"page\">\n\t\t\t\t<div class=\"elementor-element elementor-element-95cd5e3 e-flex e-con-boxed e-con e-parent\" data-id=\"95cd5e3\" data-element_type=\"container\" data-e-type=\"container\" data-settings=\"{&quot;background_background&quot;:&quot;classic&quot;}\">\n\t\t\t\t\t<div class=\"e-con-inner\">\n\t\t\t\t<div class=\"elementor-element elementor-element-307e2ec elementor-widget elementor-widget-text-editor\" data-id=\"307e2ec\" data-element_type=\"widget\" data-e-type=\"widget\" data-widget_type=\"text-editor.default\">\n\t\t\t\t<div class=\"elementor-widget-container\">\n\t\t\t\t\t\t\t\t\t<h1 style=\"font-weight: bold; letter-spacing: 1.5px; font-size: 50px;\"><span style=\"color: #ff842b;\">EXITS<\/span> GROUP<\/h1>\t\t\t\t\t\t\t\t<\/div>\n\t\t\t\t<\/div>\n\t\t\t\t\t<\/div>\n\t\t\t\t<\/div>\n\t\t<div class=\"elementor-element elementor-element-6d9779e e-flex e-con-boxed e-con e-parent\" data-id=\"6d9779e\" data-element_type=\"container\" data-e-type=\"container\">\n\t\t\t\t\t<div class=\"e-con-inner\">\n\t\t\t\t<div class=\"elementor-element elementor-element-d0c877d elementor-widget elementor-widget-text-editor\" data-id=\"d0c877d\" data-element_type=\"widget\" data-e-type=\"widget\" data-widget_type=\"text-editor.default\">\n\t\t\t\t<div class=\"elementor-widget-container\">\n\t\t\t\t\t\t\t\t\t<h2><strong>Explore the world <span style=\"color: #ff842b; letter-spacing: 1px;\">in company!<\/span><\/strong><\/h2>\t\t\t\t\t\t\t\t<\/div>\n\t\t\t\t<\/div>\n\t\t\t\t<div class=\"elementor-element elementor-element-66bb6f9 elementor-widget elementor-widget-text-editor\" data-id=\"66bb6f9\" data-element_type=\"widget\" data-e-type=\"widget\" data-widget_type=\"text-editor.default\">\n\t\t\t\t<div class=\"elementor-widget-container\">\n\t\t\t\t\t\t\t\t\t<p>Join our group departures and travel without worries.<\/p>\t\t\t\t\t\t\t\t<\/div>\n\t\t\t\t<\/div>\n\t\t\t\t\t<\/div>\n\t\t\t\t<\/div>\n\t\t<div class=\"elementor-element elementor-element-9bf6bd6 e-flex e-con-boxed e-con e-parent\" data-id=\"9bf6bd6\" data-element_type=\"container\" data-e-type=\"container\">\n\t\t\t\t\t<div class=\"e-con-inner\">\n\t\t\t\t<div class=\"elementor-element elementor-element-b8eb1d5 elementor-product-loop-item--align-center elementor-grid-4 elementor-grid-tablet-3 elementor-grid-mobile-2 elementor-products-grid elementor-wc-products elementor-show-pagination-border-yes elementor-widget elementor-widget-woocommerce-products\" data-id=\"b8eb1d5\" data-element_type=\"widget\" data-e-type=\"widget\" data-widget_type=\"woocommerce-products.default\">\n\t\t\t\t<div class=\"elementor-widget-container\">\n\t\t\t\t\t<div class=\"woocommerce columns-4\"><div class=\"woocommerce-notices-wrapper\"><\/div><ul class=\"products elementor-grid columns-4\">\n<li class=\"product type-product post-2503 status-publish first instock product_cat-salidas product_cat-todos-los-paquetes has-post-thumbnail taxable shipping-taxable purchasable product-type-simple\">\n\t<a href=\"https:\/\/thehubtravel.com\/en\/product\/executive-program-lima-gastronomic\/\" class=\"woocommerce-LoopProduct-link woocommerce-loop-product__link\"><img fetchpriority=\"high\" decoding=\"async\" width=\"400\" height=\"400\" src=\"https:\/\/thehubtravel.com\/wp-content\/uploads\/2025\/08\/22-programa-ejecutivo-\u2013-lima-gastronomica-400x400.jpg\" class=\"attachment-woocommerce_thumbnail size-woocommerce_thumbnail\" alt=\"Executive Program, Lima Gastron\u00f3mica\" srcset=\"https:\/\/thehubtravel.com\/wp-content\/uploads\/2025\/08\/22-programa-ejecutivo-\u2013-lima-gastronomica-400x400.jpg 400w, https:\/\/thehubtravel.com\/wp-content\/uploads\/2025\/08\/22-programa-ejecutivo-\u2013-lima-gastronomica-150x150.jpg 150w, https:\/\/thehubtravel.com\/wp-content\/uploads\/2025\/08\/22-programa-ejecutivo-\u2013-lima-gastronomica-100x100.jpg 100w\" sizes=\"(max-width: 400px) 100vw, 400px\" \/><h2 class=\"woocommerce-loop-product__title\">Executive Program, Lima Gastron\u00f3mica<\/h2>\n\t<span class=\"price\"><span class=\"woocommerce-Price-amount amount\"><bdi><span class=\"woocommerce-Price-currencySymbol\">&#36;<\/span>330<\/bdi><\/span><\/span>\n<div class=\"cg-amenities\"><img decoding=\"async\" src=\"https:\/\/thehubtravel.com\/wp-content\/uploads\/2024\/09\/hub-8.svg\" title=\"transportation\" style=\"width:40px; display: inline-block; margin: 0; padding: 0;\"><img decoding=\"async\" src=\"https:\/\/thehubtravel.com\/wp-content\/uploads\/2024\/09\/hub-10.svg\" title=\"tours\" style=\"width:40px; display: inline-block; margin: 0; padding: 0;\"><img decoding=\"async\" src=\"https:\/\/thehubtravel.com\/wp-content\/uploads\/2024\/09\/hub-14.svg\" title=\"food\" style=\"width:40px; display: inline-block; margin: 0; padding: 0;\"><img decoding=\"async\" src=\"https:\/\/thehubtravel.com\/wp-content\/uploads\/2024\/09\/hub-12.svg\" title=\"hosting\" style=\"width:40px; display: inline-block; margin: 0; padding: 0;\"><\/div><\/a><div class=\"woocommerce-loop-product__buttons\"><a href=\"https:\/\/thehubtravel.com\/en\/product\/executive-program-lima-gastronomic\/\" class=\"button\" data-no-translation=\"\" data-trp-gettext=\"\" >View package<\/a><\/div>\t<span id=\"woocommerce_loop_add_to_cart_link_describedby_2503\" class=\"screen-reader-text\">\n\t\t\t<\/span>\n<\/li>\n<li class=\"product type-product post-2495 status-publish instock product_cat-salidas product_cat-todos-los-paquetes has-post-thumbnail taxable shipping-taxable purchasable product-type-simple\">\n\t<a href=\"https:\/\/thehubtravel.com\/en\/product\/executive-package-in-san-jose-and-arenal-volcano-costa-rica\/\" class=\"woocommerce-LoopProduct-link woocommerce-loop-product__link\"><img decoding=\"async\" width=\"400\" height=\"400\" src=\"https:\/\/thehubtravel.com\/wp-content\/uploads\/2025\/08\/18-paquete-ejecutivo-\u2013-san-jose-y-volcan-arenal-costa-rica-400x400.jpg\" class=\"attachment-woocommerce_thumbnail size-woocommerce_thumbnail\" alt=\"Executive Package in San Jose and Arenal Volcano, Costa Rica\" srcset=\"https:\/\/thehubtravel.com\/wp-content\/uploads\/2025\/08\/18-paquete-ejecutivo-\u2013-san-jose-y-volcan-arenal-costa-rica-400x400.jpg 400w, https:\/\/thehubtravel.com\/wp-content\/uploads\/2025\/08\/18-paquete-ejecutivo-\u2013-san-jose-y-volcan-arenal-costa-rica-150x150.jpg 150w, https:\/\/thehubtravel.com\/wp-content\/uploads\/2025\/08\/18-paquete-ejecutivo-\u2013-san-jose-y-volcan-arenal-costa-rica-100x100.jpg 100w\" sizes=\"(max-width: 400px) 100vw, 400px\" \/><h2 class=\"woocommerce-loop-product__title\">Executive Package in San Jose and Arenal Volcano, Costa Rica<\/h2>\n\t<span class=\"price\"><span class=\"woocommerce-Price-amount amount\"><bdi><span class=\"woocommerce-Price-currencySymbol\">&#36;<\/span>320<\/bdi><\/span><\/span>\n<div class=\"cg-amenities\"><img decoding=\"async\" src=\"https:\/\/thehubtravel.com\/wp-content\/uploads\/2024\/09\/hub-8.svg\" title=\"transportation\" style=\"width:40px; display: inline-block; margin: 0; padding: 0;\"><img decoding=\"async\" src=\"https:\/\/thehubtravel.com\/wp-content\/uploads\/2024\/09\/hub-14.svg\" title=\"food\" style=\"width:40px; display: inline-block; margin: 0; padding: 0;\"><img decoding=\"async\" src=\"https:\/\/thehubtravel.com\/wp-content\/uploads\/2024\/09\/hub-12.svg\" title=\"hosting\" style=\"width:40px; display: inline-block; margin: 0; padding: 0;\"><\/div><\/a><div class=\"woocommerce-loop-product__buttons\"><a href=\"https:\/\/thehubtravel.com\/en\/product\/executive-package-in-san-jose-and-arenal-volcano-costa-rica\/\" class=\"button\" data-no-translation=\"\" data-trp-gettext=\"\" >View package<\/a><\/div>\t<span id=\"woocommerce_loop_add_to_cart_link_describedby_2495\" class=\"screen-reader-text\">\n\t\t\t<\/span>\n<\/li>\n<li class=\"product type-product post-573 status-publish instock product_cat-salidas product_cat-todos-los-paquetes has-post-thumbnail taxable shipping-taxable purchasable product-type-simple\">\n\t<a href=\"https:\/\/thehubtravel.com\/en\/product\/medellin\/\" class=\"woocommerce-LoopProduct-link woocommerce-loop-product__link\"><img decoding=\"async\" width=\"400\" height=\"400\" src=\"https:\/\/thehubtravel.com\/wp-content\/uploads\/2024\/08\/medellin267917355-400x400.jpg\" class=\"attachment-woocommerce_thumbnail size-woocommerce_thumbnail\" alt=\"Panoramic view of Medell\u00edn with mountains and emblematic buildings.\" srcset=\"https:\/\/thehubtravel.com\/wp-content\/uploads\/2024\/08\/medellin267917355-400x400.jpg 400w, https:\/\/thehubtravel.com\/wp-content\/uploads\/2024\/08\/medellin267917355-100x100.jpg 100w, https:\/\/thehubtravel.com\/wp-content\/uploads\/2024\/08\/medellin267917355-150x150.jpg 150w\" sizes=\"(max-width: 400px) 100vw, 400px\" \/><h2 class=\"woocommerce-loop-product__title\">Medellin Vacations<\/h2>\n\t<span class=\"price\"><span class=\"woocommerce-Price-amount amount\"><bdi><span class=\"woocommerce-Price-currencySymbol\">&#36;<\/span>699<\/bdi><\/span><\/span>\n<div class=\"cg-amenities\"><img decoding=\"async\" src=\"https:\/\/thehubtravel.com\/wp-content\/uploads\/2024\/09\/hub-5.svg\" title=\"flights\" style=\"width:40px; display: inline-block; margin: 0; padding: 0;\"><img decoding=\"async\" src=\"https:\/\/thehubtravel.com\/wp-content\/uploads\/2024\/09\/hub-8.svg\" title=\"transportation\" style=\"width:40px; display: inline-block; margin: 0; padding: 0;\"><img decoding=\"async\" src=\"https:\/\/thehubtravel.com\/wp-content\/uploads\/2024\/09\/hub-12.svg\" title=\"hosting\" style=\"width:40px; display: inline-block; margin: 0; padding: 0;\"><\/div><\/a><div class=\"woocommerce-loop-product__buttons\"><a href=\"https:\/\/thehubtravel.com\/en\/product\/medellin\/\" class=\"button\" data-no-translation=\"\" data-trp-gettext=\"\" >View package<\/a><\/div>\t<span id=\"woocommerce_loop_add_to_cart_link_describedby_573\" class=\"screen-reader-text\">\n\t\t\t<\/span>\n<\/li>\n<li class=\"product type-product post-2497 status-publish last instock product_cat-salidas product_cat-todos-los-paquetes has-post-thumbnail taxable shipping-taxable purchasable product-type-simple\">\n\t<a href=\"https:\/\/thehubtravel.com\/en\/product\/city-break-in-medellin-colombia\/\" class=\"woocommerce-LoopProduct-link woocommerce-loop-product__link\"><img loading=\"lazy\" decoding=\"async\" width=\"400\" height=\"400\" src=\"https:\/\/thehubtravel.com\/wp-content\/uploads\/2025\/08\/19-programa-corporativo-\u2013-city-break-en-medellin-colombia-400x400.jpg\" class=\"attachment-woocommerce_thumbnail size-woocommerce_thumbnail\" alt=\"City Break in Medellin, Colombia\" srcset=\"https:\/\/thehubtravel.com\/wp-content\/uploads\/2025\/08\/19-programa-corporativo-\u2013-city-break-en-medellin-colombia-400x400.jpg 400w, https:\/\/thehubtravel.com\/wp-content\/uploads\/2025\/08\/19-programa-corporativo-\u2013-city-break-en-medellin-colombia-150x150.jpg 150w, https:\/\/thehubtravel.com\/wp-content\/uploads\/2025\/08\/19-programa-corporativo-\u2013-city-break-en-medellin-colombia-100x100.jpg 100w\" sizes=\"(max-width: 400px) 100vw, 400px\" \/><h2 class=\"woocommerce-loop-product__title\">City Break in Medellin, Colombia<\/h2>\n\t<span class=\"price\"><span class=\"woocommerce-Price-amount amount\"><bdi><span class=\"woocommerce-Price-currencySymbol\">&#36;<\/span>250<\/bdi><\/span><\/span>\n<div class=\"cg-amenities\"><img decoding=\"async\" src=\"https:\/\/thehubtravel.com\/wp-content\/uploads\/2024\/09\/hub-8.svg\" title=\"transportation\" style=\"width:40px; display: inline-block; margin: 0; padding: 0;\"><img decoding=\"async\" src=\"https:\/\/thehubtravel.com\/wp-content\/uploads\/2024\/09\/hub-14.svg\" title=\"food\" style=\"width:40px; display: inline-block; margin: 0; padding: 0;\"><img decoding=\"async\" src=\"https:\/\/thehubtravel.com\/wp-content\/uploads\/2024\/09\/hub-4.svg\" title=\"city\" style=\"width:40px; display: inline-block; margin: 0; padding: 0;\"><img decoding=\"async\" src=\"https:\/\/thehubtravel.com\/wp-content\/uploads\/2024\/09\/hub-12.svg\" title=\"hosting\" style=\"width:40px; display: inline-block; margin: 0; padding: 0;\"><\/div><\/a><div class=\"woocommerce-loop-product__buttons\"><a href=\"https:\/\/thehubtravel.com\/en\/product\/city-break-in-medellin-colombia\/\" class=\"button\" data-no-translation=\"\" data-trp-gettext=\"\" >View package<\/a><\/div>\t<span id=\"woocommerce_loop_add_to_cart_link_describedby_2497\" class=\"screen-reader-text\">\n\t\t\t<\/span>\n<\/li>\n<\/ul>\n<nav class=\"woocommerce-pagination\" aria-label=\"Product Pagination\" data-no-translation-aria-label=\"\">\n\t<ul class='page-numbers'>\n\t<li><span aria-label=\"Page 1\" aria-current=\"page\" class=\"page-numbers current\" data-no-translation-aria-label=\"\">1<\/span><\/li>\n\t<li><a aria-label=\"Page 2\" class=\"page-numbers\" href=\"\/en\/wp-json\/wp\/v2\/pages\/733?product-page=2\" data-no-translation-aria-label=\"\">2<\/a><\/li>\n\t<li><a aria-label=\"Page 3\" class=\"page-numbers\" href=\"\/en\/wp-json\/wp\/v2\/pages\/733?product-page=3\" data-no-translation-aria-label=\"\">3<\/a><\/li>\n\t<li><a aria-label=\"Page 4\" class=\"page-numbers\" href=\"\/en\/wp-json\/wp\/v2\/pages\/733?product-page=4\" data-no-translation-aria-label=\"\">4<\/a><\/li>\n\t<li><a aria-label=\"Page 5\" class=\"page-numbers\" href=\"\/en\/wp-json\/wp\/v2\/pages\/733?product-page=5\" data-no-translation-aria-label=\"\">5<\/a><\/li>\n\t<li><a class=\"next page-numbers\" href=\"\/en\/wp-json\/wp\/v2\/pages\/733?product-page=2\">\u2192<\/a><\/li>\n<\/ul>\n<\/nav>\n<\/div>\t\t\t\t<\/div>\n\t\t\t\t<\/div>\n\t\t\t\t\t<\/div>\n\t\t\t\t<\/div>\n\t\t<div class=\"elementor-element elementor-element-cdf7a8e e-flex e-con-boxed e-con e-parent\" data-id=\"cdf7a8e\" data-element_type=\"container\" data-e-type=\"container\" data-settings=\"{&quot;background_background&quot;:&quot;video&quot;,&quot;background_video_link&quot;:&quot;https:\\\/\\\/www.youtube.com\\\/watch?v=CLTFV57yXzI&quot;,&quot;background_video_end&quot;:11,&quot;background_play_on_mobile&quot;:&quot;yes&quot;}\">\n\t\t\t\t\t<div class=\"e-con-inner\">\n\t\t<div class=\"elementor-background-video-container\">\n\t\t\t\t\t\t\t<div class=\"elementor-background-video-embed\" role=\"presentation\"><\/div>\n\t\t\t\t\t\t<\/div><div class=\"elementor-element elementor-element-44c000a e-con-full e-flex e-con e-child\" data-id=\"44c000a\" data-element_type=\"container\" data-e-type=\"container\">\n\t\t\t\t<div class=\"elementor-element elementor-element-8bfbf07 elementor-widget elementor-widget-image\" data-id=\"8bfbf07\" data-element_type=\"widget\" data-e-type=\"widget\" data-widget_type=\"image.default\">\n\t\t\t\t<div class=\"elementor-widget-container\">\n\t\t\t\t\t\t\t\t\t\t\t\t\t\t\t<img loading=\"lazy\" decoding=\"async\" width=\"2560\" height=\"1707\" src=\"https:\/\/thehubtravel.com\/wp-content\/uploads\/2025\/01\/Xcaret_2055087056-scaled.jpg\" class=\"attachment-full size-full wp-image-2209\" alt=\"Panoramic view of Xcaret eco-archaeological park in Mexico.\" srcset=\"https:\/\/thehubtravel.com\/wp-content\/uploads\/2025\/01\/Xcaret_2055087056-scaled.jpg 2560w, https:\/\/thehubtravel.com\/wp-content\/uploads\/2025\/01\/Xcaret_2055087056-300x200.jpg 300w, https:\/\/thehubtravel.com\/wp-content\/uploads\/2025\/01\/Xcaret_2055087056-1024x683.jpg 1024w, https:\/\/thehubtravel.com\/wp-content\/uploads\/2025\/01\/Xcaret_2055087056-768x512.jpg 768w, https:\/\/thehubtravel.com\/wp-content\/uploads\/2025\/01\/Xcaret_2055087056-1536x1024.jpg 1536w, https:\/\/thehubtravel.com\/wp-content\/uploads\/2025\/01\/Xcaret_2055087056-2048x1365.jpg 2048w, https:\/\/thehubtravel.com\/wp-content\/uploads\/2025\/01\/Xcaret_2055087056-600x400.jpg 600w\" sizes=\"(max-width: 2560px) 100vw, 2560px\" \/>\t\t\t\t\t\t\t\t\t\t\t\t\t\t\t<\/div>\n\t\t\t\t<\/div>\n\t\t\t\t<div class=\"elementor-element elementor-element-502718b elementor-widget elementor-widget-image\" data-id=\"502718b\" data-element_type=\"widget\" data-e-type=\"widget\" data-widget_type=\"image.default\">\n\t\t\t\t<div class=\"elementor-widget-container\">\n\t\t\t\t\t\t\t\t\t\t\t\t\t\t\t<img loading=\"lazy\" decoding=\"async\" width=\"800\" height=\"534\" src=\"https:\/\/thehubtravel.com\/wp-content\/uploads\/2025\/01\/Xcaret_2305079379-1024x683.jpg\" class=\"attachment-large size-large wp-image-2210\" alt=\"Panoramic View of Xcaret Park in Mexico with Nature and Attractions\" srcset=\"https:\/\/thehubtravel.com\/wp-content\/uploads\/2025\/01\/Xcaret_2305079379-1024x683.jpg 1024w, https:\/\/thehubtravel.com\/wp-content\/uploads\/2025\/01\/Xcaret_2305079379-300x200.jpg 300w, https:\/\/thehubtravel.com\/wp-content\/uploads\/2025\/01\/Xcaret_2305079379-768x512.jpg 768w, https:\/\/thehubtravel.com\/wp-content\/uploads\/2025\/01\/Xcaret_2305079379-1536x1024.jpg 1536w, https:\/\/thehubtravel.com\/wp-content\/uploads\/2025\/01\/Xcaret_2305079379-2048x1366.jpg 2048w, https:\/\/thehubtravel.com\/wp-content\/uploads\/2025\/01\/Xcaret_2305079379-600x400.jpg 600w\" sizes=\"(max-width: 800px) 100vw, 800px\" \/>\t\t\t\t\t\t\t\t\t\t\t\t\t\t\t<\/div>\n\t\t\t\t<\/div>\n\t\t\t\t<\/div>\n\t\t<div class=\"elementor-element elementor-element-d4c1164 e-con-full e-flex e-con e-child\" data-id=\"d4c1164\" data-element_type=\"container\" data-e-type=\"container\">\n\t\t\t\t<div class=\"elementor-element elementor-element-f22d42d elementor-widget elementor-widget-heading\" data-id=\"f22d42d\" data-element_type=\"widget\" data-e-type=\"widget\" data-widget_type=\"heading.default\">\n\t\t\t\t<div class=\"elementor-widget-container\">\n\t\t\t\t\t<h2 class=\"elementor-heading-title elementor-size-default\">Discover the magic of Mexico at Xcaret!<\/h2>\t\t\t\t<\/div>\n\t\t\t\t<\/div>\n\t\t\t\t<div class=\"elementor-element elementor-element-c0d2351 elementor-widget elementor-widget-text-editor\" data-id=\"c0d2351\" data-element_type=\"widget\" data-e-type=\"widget\" data-widget_type=\"text-editor.default\">\n\t\t\t\t<div class=\"elementor-widget-container\">\n\t\t\t\t\t\t\t\t\t<p>Immerse yourself in a paradise where the lush jungle of the Riviera Maya meets the crystal clear waters of the Caribbean. Enjoy unique experiences that combine the cultural, archaeological and natural richness of our country, all in one place.<\/p>\t\t\t\t\t\t\t\t<\/div>\n\t\t\t\t<\/div>\n\t\t\t\t<\/div>\n\t\t\t\t\t<\/div>\n\t\t\t\t<\/div>\n\t\t\t\t<\/div>","protected":false},"excerpt":{"rendered":"<p>SALIDAS GRUPALES \u00a1Explora el mundo en compa\u00f1\u00eda! \u00danete a nuestras salidas grupales y viaja sin preocupaciones. \u00a1Descubre la magia de M\u00e9xico en Xcaret! Sum\u00e9rgete en un para\u00edso donde la exuberante selva de la Riviera Maya se encuentra con las cristalinas aguas del Caribe. Disfruta de experiencias \u00fanicas que combinan la riqueza cultural, arqueol\u00f3gica y natural [&hellip;]<\/p>\n","protected":false},"author":5,"featured_media":0,"parent":0,"menu_order":0,"comment_status":"closed","ping_status":"closed","template":"elementor_header_footer","meta":{"_acf_changed":false,"footnotes":""},"class_list":["post-733","page","type-page","status-publish","hentry"],"acf":[],"_links":{"self":[{"href":"https:\/\/thehubtravel.com\/en\/wp-json\/wp\/v2\/pages\/733","targetHints":{"allow":["GET"]}}],"collection":[{"href":"https:\/\/thehubtravel.com\/en\/wp-json\/wp\/v2\/pages"}],"about":[{"href":"https:\/\/thehubtravel.com\/en\/wp-json\/wp\/v2\/types\/page"}],"author":[{"embeddable":true,"href":"https:\/\/thehubtravel.com\/en\/wp-json\/wp\/v2\/users\/5"}],"replies":[{"embeddable":true,"href":"https:\/\/thehubtravel.com\/en\/wp-json\/wp\/v2\/comments?post=733"}],"version-history":[{"count":97,"href":"https:\/\/thehubtravel.com\/en\/wp-json\/wp\/v2\/pages\/733\/revisions"}],"predecessor-version":[{"id":2222,"href":"https:\/\/thehubtravel.com\/en\/wp-json\/wp\/v2\/pages\/733\/revisions\/2222"}],"wp:attachment":[{"href":"https:\/\/thehubtravel.com\/en\/wp-json\/wp\/v2\/media?parent=733"}],"curies":[{"name":"wp","href":"https:\/\/api.w.org\/{rel}","templated":true}]}}